{"id":168374,"date":"2026-02-18T10:34:26","date_gmt":"2026-02-18T15:34:26","guid":{"rendered":"https:\/\/exalumnasensenanza.co\/?post_type=mec-events&#038;p=168374"},"modified":"2026-02-18T11:43:59","modified_gmt":"2026-02-18T16:43:59","slug":"conversatorio-la-economia-del-cuidado","status":"publish","type":"mec-events","link":"https:\/\/exalumnasensenanza.co\/es_es\/events\/conversatorio-la-economia-del-cuidado\/","title":{"rendered":"Conversatorio: La Econom\u00eda del Cuidado"},"content":{"rendered":"<div class=\"wpb-content-wrapper\"><div data-parent=\"true\" class=\"vc_row has-bg need-focus style-color-xsdn-bg row-container\" id=\"row-unique-0\"><div class=\"row one-top-padding one-bottom-padding no-h-padding full-width row-parent\" data-height-ratio=\"88\"><div class=\"wpb_row row-inner\"><div class=\"wpb_column pos-top pos-center align_left column_parent col-lg-12 single-internal-gutter\"><div class=\"uncol style-light unexpand\"  ><div class=\"uncoltable\"><div class=\"uncell one-block-padding\" ><div class=\"uncont\" ><div class=\"uncode_text_column\" ><p><span style=\"font-family: Montserrat; font-size: 12pt;\">!El trabajo del futuro tiene coraz\u00f3n! \ud83e\udd16\u2764\ufe0f<\/span><\/p>\n<p><span class=\"font-154727\" style=\"font-size: 12pt;\">Mucho se especula sobre la automatizaci\u00f3n y el futuro, pero la realidad es que el cuidado es netamente humano. Estamos viviendo una &#8220;Revoluci\u00f3n Plateada&#8221; en la que el envejecimiento requiere de un cambio de paradigma que est\u00e1 transformando el mercado laboral global.<br \/>\n<\/span><\/p>\n<p><span class=\"font-154727\" style=\"font-size: 12pt;\">La Econom\u00eda del Cuidado es un &#8220;trabajo invisible&#8221;, pero sostiene la estructura social. No es una obligaci\u00f3n familiar no remunerada, es una potencia del PIB y una fuente de empleo digno. Pero, \u00bfC\u00f3mo pasamos del cuidado por compromiso al cuidado profesional por elecci\u00f3n?<br \/>\n<\/span><\/p>\n<p><span class=\"font-154727\" style=\"font-size: 12pt;\">Te invitamos a profundizar en este tema en nuestro conversatorio: \ud83c\udfc6 &#8220;C\u00f3mo la Econom\u00eda del Cuidado est\u00e1 transformando el mercado laboral&#8221;, en un di\u00e1logo interdisciplinar entre la academia y la acci\u00f3n social con:<br \/>\n<\/span><\/p>\n<p><span class=\"font-154727\" style=\"font-size: 12pt;\">\ud83d\udde8\ufe0fMarcela Isaza Pel\u00e1ez (MBA): Desde la direcci\u00f3n de la Asociaci\u00f3n de Exalumnas La Ense\u00f1anza, nos compartir\u00e1 la visi\u00f3n transformadora del &#8220;Sello Juanitas&#8221; y c\u00f3mo la formaci\u00f3n t\u00e9cnica y humana dignifica al cuidador, convirti\u00e9ndolo en un verdadero gestor de bienestar.<br \/>\n<\/span><\/p>\n<p><span class=\"font-154727\" style=\"font-size: 12pt;\">\ud83d\udde8\ufe0fLewis Quintero Beltr\u00e1n (PhD): Desde la UPB, nos explicar\u00e1 los marcos legales, las cifras de impacto econ\u00f3mico y por qu\u00e9 el cuidado es el nuevo nicho de empleo formal en las agendas globales.<br \/>\n<\/span><\/p>\n<p><span class=\"font-154727\" style=\"font-size: 12pt;\">Hablaremos de: La formalizaci\u00f3n de la labor del cuidado, social, legal y dignamente; la formaci\u00f3n como puente fundamental hacia una econom\u00eda plateada; y, el cuidado como un camino con prop\u00f3sito humano en el que las tecnolog\u00edas de hoy y ma\u00f1ana pueden contribuir pero jam\u00e1s sustituir.<br \/>\n<\/span><\/p>\n<p><span class=\"font-154727\" style=\"font-size: 12pt;\">\ud83d\udccd\u00a1Abierto al p\u00fablico en general! Asegura tu cupo aqu\u00ed: <span style=\"color: #3366ff;\"><a style=\"color: #3366ff;\" href=\"https:\/\/forms.gle\/nTV6L4wUTc84BKVa6\" target=\"_blank\" rel=\"noopener noreferrer nofollow\">https:\/\/forms.gle\/nTV6L4wUTc84BKVa6<\/a><\/span><br \/>\n\ud83d\uddd3\ufe0f Fecha: 26 de febrero<br \/>\n\u23f0 Hora: 5:30 p.m.<\/span><\/p>\n<\/div><\/div><\/div><\/div><\/div><\/div><script id=\"script-row-unique-0\" data-row=\"script-row-unique-0\" type=\"text\/javascript\" class=\"vc_controls\">UNCODE.initRow(document.getElementById(\"row-unique-0\"));<\/script><\/div><\/div><\/div>\n<\/div>","protected":false},"excerpt":{"rendered":"<p>C\u00f3mo la Econom\u00eda del Cuidado est\u00e1 transformando el&#8230;<\/p>","protected":false},"author":2,"featured_media":168375,"comment_status":"open","ping_status":"closed","template":"","tags":[],"mec_category":[],"class_list":["post-168374","mec-events","type-mec-events","status-publish","has-post-thumbnail","hentry"],"yoast_head":"<!-- This site is optimized with the Yoast SEO plugin v27.3 - https:\/\/yoast.com\/product\/yoast-seo-wordpress\/ -->\n<title>Conversatorio: La Econom\u00eda del Cuidado - Asociaci\u00f3n de Exalumnas La Ense\u00f1anza<\/title>\n<meta name=\"robots\" content=\"index, follow, max-snippet:-1, max-image-preview:large, max-video-preview:-1\" \/>\n<link rel=\"canonical\" href=\"https:\/\/exalumnasensenanza.co\/es_es\/events\/conversatorio-la-economia-del-cuidado\/\" \/>\n<meta property=\"og:locale\" content=\"es_ES\" \/>\n<meta property=\"og:type\" content=\"article\" \/>\n<meta property=\"og:title\" content=\"Conversatorio: La Econom\u00eda del Cuidado - Asociaci\u00f3n de Exalumnas La Ense\u00f1anza\" \/>\n<meta property=\"og:description\" content=\"C\u00f3mo la Econom\u00eda del Cuidado est\u00e1 transformando el...\" \/>\n<meta property=\"og:url\" content=\"https:\/\/exalumnasensenanza.co\/es_es\/events\/conversatorio-la-economia-del-cuidado\/\" \/>\n<meta property=\"og:site_name\" content=\"Asociaci\u00f3n de Exalumnas La Ense\u00f1anza\" \/>\n<meta property=\"article:publisher\" content=\"https:\/\/www.facebook.com\/exalumnaslaensenanza\" \/>\n<meta property=\"article:modified_time\" content=\"2026-02-18T16:43:59+00:00\" \/>\n<meta property=\"og:image\" content=\"https:\/\/mlzbo0w8r27k.i.optimole.com\/w:auto\/h:auto\/q:mauto\/f:best\/https:\/\/exalumnasensenanza.co\/wp-content\/uploads\/2026\/02\/Banner-Evento-Conversatiorio-Economia-del-Cuidado-Febrero-2026.jpg\" \/>\n\t<meta property=\"og:image:width\" content=\"1820\" \/>\n\t<meta property=\"og:image:height\" content=\"720\" \/>\n\t<meta property=\"og:image:type\" content=\"image\/jpeg\" \/>\n<meta name=\"twitter:card\" content=\"summary_large_image\" \/>\n<meta name=\"twitter:label1\" content=\"Tiempo de lectura\" \/>\n\t<meta name=\"twitter:data1\" content=\"2 minutos\" \/>\n<script type=\"application\/ld+json\" class=\"yoast-schema-graph\">{\"@context\":\"https:\\\/\\\/schema.org\",\"@graph\":[{\"@type\":\"WebPage\",\"@id\":\"https:\\\/\\\/exalumnasensenanza.co\\\/events\\\/conversatorio-la-economia-del-cuidado\\\/\",\"url\":\"https:\\\/\\\/exalumnasensenanza.co\\\/events\\\/conversatorio-la-economia-del-cuidado\\\/\",\"name\":\"Conversatorio: La Econom\u00eda del Cuidado - Asociaci\u00f3n de Exalumnas La Ense\u00f1anza\",\"isPartOf\":{\"@id\":\"https:\\\/\\\/exalumnasensenanza.co\\\/#website\"},\"primaryImageOfPage\":{\"@id\":\"https:\\\/\\\/exalumnasensenanza.co\\\/events\\\/conversatorio-la-economia-del-cuidado\\\/#primaryimage\"},\"image\":{\"@id\":\"https:\\\/\\\/exalumnasensenanza.co\\\/events\\\/conversatorio-la-economia-del-cuidado\\\/#primaryimage\"},\"thumbnailUrl\":\"https:\\/\\/exalumnasensenanza.co\\/wp-content\\/uploads\\/2026\\/02\\/Banner-Evento-Conversatiorio-Economia-del-Cuidado-Febrero-2026.jpg\",\"datePublished\":\"2026-02-18T15:34:26+00:00\",\"dateModified\":\"2026-02-18T16:43:59+00:00\",\"breadcrumb\":{\"@id\":\"https:\\\/\\\/exalumnasensenanza.co\\\/events\\\/conversatorio-la-economia-del-cuidado\\\/#breadcrumb\"},\"inLanguage\":\"es\",\"potentialAction\":[{\"@type\":\"ReadAction\",\"target\":[\"https:\\\/\\\/exalumnasensenanza.co\\\/events\\\/conversatorio-la-economia-del-cuidado\\\/\"]}]},{\"@type\":\"ImageObject\",\"inLanguage\":\"es\",\"@id\":\"https:\\\/\\\/exalumnasensenanza.co\\\/events\\\/conversatorio-la-economia-del-cuidado\\\/#primaryimage\",\"url\":\"https:\\/\\/exalumnasensenanza.co\\/wp-content\\/uploads\\/2026\\/02\\/Banner-Evento-Conversatiorio-Economia-del-Cuidado-Febrero-2026.jpg\",\"contentUrl\":\"https:\\/\\/exalumnasensenanza.co\\/wp-content\\/uploads\\/2026\\/02\\/Banner-Evento-Conversatiorio-Economia-del-Cuidado-Febrero-2026.jpg\",\"width\":1820,\"height\":720},{\"@type\":\"BreadcrumbList\",\"@id\":\"https:\\\/\\\/exalumnasensenanza.co\\\/events\\\/conversatorio-la-economia-del-cuidado\\\/#breadcrumb\",\"itemListElement\":[{\"@type\":\"ListItem\",\"position\":1,\"name\":\"Home\",\"item\":\"https:\\\/\\\/exalumnasensenanza.co\\\/\"},{\"@type\":\"ListItem\",\"position\":2,\"name\":\"Events\",\"item\":\"https:\\\/\\\/exalumnasensenanza.co\\\/events\\\/\"},{\"@type\":\"ListItem\",\"position\":3,\"name\":\"Conversatorio: La Econom\u00eda del Cuidado\"}]},{\"@type\":\"WebSite\",\"@id\":\"https:\\\/\\\/exalumnasensenanza.co\\\/#website\",\"url\":\"https:\\\/\\\/exalumnasensenanza.co\\\/\",\"name\":\"Asociaci\u00f3n de Exalumnas La Ense\u00f1anza\",\"description\":\"Tender la Mano para Cuidar y Servir\",\"publisher\":{\"@id\":\"https:\\\/\\\/exalumnasensenanza.co\\\/#organization\"},\"potentialAction\":[{\"@type\":\"SearchAction\",\"target\":{\"@type\":\"EntryPoint\",\"urlTemplate\":\"https:\\\/\\\/exalumnasensenanza.co\\\/?s={search_term_string}\"},\"query-input\":{\"@type\":\"PropertyValueSpecification\",\"valueRequired\":true,\"valueName\":\"search_term_string\"}}],\"inLanguage\":\"es\"},{\"@type\":\"Organization\",\"@id\":\"https:\\\/\\\/exalumnasensenanza.co\\\/#organization\",\"name\":\"Asociaci\u00f3n de Exalumnas La Ense\u00f1anza\",\"alternateName\":\"Exalumnas La Ense\u00f1anza\",\"url\":\"https:\\\/\\\/exalumnasensenanza.co\\\/\",\"logo\":{\"@type\":\"ImageObject\",\"inLanguage\":\"es\",\"@id\":\"https:\\\/\\\/exalumnasensenanza.co\\\/#\\\/schema\\\/logo\\\/image\\\/\",\"url\":\"https:\\/\\/exalumnasensenanza.co\\/wp-content\\/uploads\\/2026\\/02\\/LOGO-FAVICON-ELE-WEB.png\",\"contentUrl\":\"https:\\/\\/exalumnasensenanza.co\\/wp-content\\/uploads\\/2026\\/02\\/LOGO-FAVICON-ELE-WEB.png\",\"width\":512,\"height\":512,\"caption\":\"Asociaci\u00f3n de Exalumnas La Ense\u00f1anza\"},\"image\":{\"@id\":\"https:\\\/\\\/exalumnasensenanza.co\\\/#\\\/schema\\\/logo\\\/image\\\/\"},\"sameAs\":[\"https:\\\/\\\/www.facebook.com\\\/exalumnaslaensenanza\",\"https:\\\/\\\/www.instagram.com\\\/exalumnaslaensenanza\\\/\",\"https:\\\/\\\/www.youtube.com\\\/@ExalumnasLaEnsenanza\",\"https:\\\/\\\/open.spotify.com\\\/show\\\/2fVy0odrwHydzK8LqIALy9?si=df23a63a7d1844cb\"]}]}<\/script>\n<!-- \/ Yoast SEO plugin. -->","yoast_head_json":{"title":"Conversatorio: La Econom\u00eda del Cuidado - Asociaci\u00f3n de Exalumnas La Ense\u00f1anza","robots":{"index":"index","follow":"follow","max-snippet":"max-snippet:-1","max-image-preview":"max-image-preview:large","max-video-preview":"max-video-preview:-1"},"canonical":"https:\/\/exalumnasensenanza.co\/es_es\/events\/conversatorio-la-economia-del-cuidado\/","og_locale":"es_ES","og_type":"article","og_title":"Conversatorio: La Econom\u00eda del Cuidado - Asociaci\u00f3n de Exalumnas La Ense\u00f1anza","og_description":"C\u00f3mo la Econom\u00eda del Cuidado est\u00e1 transformando el...","og_url":"https:\/\/exalumnasensenanza.co\/es_es\/events\/conversatorio-la-economia-del-cuidado\/","og_site_name":"Asociaci\u00f3n de Exalumnas La Ense\u00f1anza","article_publisher":"https:\/\/www.facebook.com\/exalumnaslaensenanza","article_modified_time":"2026-02-18T16:43:59+00:00","og_image":[{"width":1820,"height":720,"url":"https:\/\/mlzbo0w8r27k.i.optimole.com\/w:auto\/h:auto\/q:mauto\/f:best\/https:\/\/exalumnasensenanza.co\/wp-content\/uploads\/2026\/02\/Banner-Evento-Conversatiorio-Economia-del-Cuidado-Febrero-2026.jpg","type":"image\/jpeg"}],"twitter_card":"summary_large_image","twitter_misc":{"Tiempo de lectura":"2 minutos"},"schema":{"@context":"https:\/\/schema.org","@graph":[{"@type":"WebPage","@id":"https:\/\/exalumnasensenanza.co\/events\/conversatorio-la-economia-del-cuidado\/","url":"https:\/\/exalumnasensenanza.co\/events\/conversatorio-la-economia-del-cuidado\/","name":"Conversatorio: La Econom\u00eda del Cuidado - Asociaci\u00f3n de Exalumnas La Ense\u00f1anza","isPartOf":{"@id":"https:\/\/exalumnasensenanza.co\/#website"},"primaryImageOfPage":{"@id":"https:\/\/exalumnasensenanza.co\/events\/conversatorio-la-economia-del-cuidado\/#primaryimage"},"image":{"@id":"https:\/\/exalumnasensenanza.co\/events\/conversatorio-la-economia-del-cuidado\/#primaryimage"},"thumbnailUrl":"https:\/\/mlzbo0w8r27k.i.optimole.com\/w:auto\/h:auto\/q:mauto\/f:best\/https:\/\/exalumnasensenanza.co\/wp-content\/uploads\/2026\/02\/Banner-Evento-Conversatiorio-Economia-del-Cuidado-Febrero-2026.jpg","datePublished":"2026-02-18T15:34:26+00:00","dateModified":"2026-02-18T16:43:59+00:00","breadcrumb":{"@id":"https:\/\/exalumnasensenanza.co\/events\/conversatorio-la-economia-del-cuidado\/#breadcrumb"},"inLanguage":"es","potentialAction":[{"@type":"ReadAction","target":["https:\/\/exalumnasensenanza.co\/events\/conversatorio-la-economia-del-cuidado\/"]}]},{"@type":"ImageObject","inLanguage":"es","@id":"https:\/\/exalumnasensenanza.co\/events\/conversatorio-la-economia-del-cuidado\/#primaryimage","url":"https:\/\/mlzbo0w8r27k.i.optimole.com\/w:auto\/h:auto\/q:mauto\/f:best\/https:\/\/exalumnasensenanza.co\/wp-content\/uploads\/2026\/02\/Banner-Evento-Conversatiorio-Economia-del-Cuidado-Febrero-2026.jpg","contentUrl":"https:\/\/mlzbo0w8r27k.i.optimole.com\/w:auto\/h:auto\/q:mauto\/f:best\/https:\/\/exalumnasensenanza.co\/wp-content\/uploads\/2026\/02\/Banner-Evento-Conversatiorio-Economia-del-Cuidado-Febrero-2026.jpg","width":1820,"height":720},{"@type":"BreadcrumbList","@id":"https:\/\/exalumnasensenanza.co\/events\/conversatorio-la-economia-del-cuidado\/#breadcrumb","itemListElement":[{"@type":"ListItem","position":1,"name":"Home","item":"https:\/\/exalumnasensenanza.co\/"},{"@type":"ListItem","position":2,"name":"Events","item":"https:\/\/exalumnasensenanza.co\/events\/"},{"@type":"ListItem","position":3,"name":"Conversatorio: La Econom\u00eda del Cuidado"}]},{"@type":"WebSite","@id":"https:\/\/exalumnasensenanza.co\/#website","url":"https:\/\/exalumnasensenanza.co\/","name":"Asociaci\u00f3n de Exalumnas La Ense\u00f1anza","description":"Tender la Mano para Cuidar y Servir","publisher":{"@id":"https:\/\/exalumnasensenanza.co\/#organization"},"potentialAction":[{"@type":"SearchAction","target":{"@type":"EntryPoint","urlTemplate":"https:\/\/exalumnasensenanza.co\/?s={search_term_string}"},"query-input":{"@type":"PropertyValueSpecification","valueRequired":true,"valueName":"search_term_string"}}],"inLanguage":"es"},{"@type":"Organization","@id":"https:\/\/exalumnasensenanza.co\/#organization","name":"Asociaci\u00f3n de Exalumnas La Ense\u00f1anza","alternateName":"Exalumnas La Ense\u00f1anza","url":"https:\/\/exalumnasensenanza.co\/","logo":{"@type":"ImageObject","inLanguage":"es","@id":"https:\/\/exalumnasensenanza.co\/#\/schema\/logo\/image\/","url":"https:\/\/mlzbo0w8r27k.i.optimole.com\/w:auto\/h:auto\/q:mauto\/f:best\/https:\/\/exalumnasensenanza.co\/wp-content\/uploads\/2026\/02\/LOGO-FAVICON-ELE-WEB.png","contentUrl":"https:\/\/mlzbo0w8r27k.i.optimole.com\/w:auto\/h:auto\/q:mauto\/f:best\/https:\/\/exalumnasensenanza.co\/wp-content\/uploads\/2026\/02\/LOGO-FAVICON-ELE-WEB.png","width":512,"height":512,"caption":"Asociaci\u00f3n de Exalumnas La Ense\u00f1anza"},"image":{"@id":"https:\/\/exalumnasensenanza.co\/#\/schema\/logo\/image\/"},"sameAs":["https:\/\/www.facebook.com\/exalumnaslaensenanza","https:\/\/www.instagram.com\/exalumnaslaensenanza\/","https:\/\/www.youtube.com\/@ExalumnasLaEnsenanza","https:\/\/open.spotify.com\/show\/2fVy0odrwHydzK8LqIALy9?si=df23a63a7d1844cb"]}]}},"_links":{"self":[{"href":"https:\/\/exalumnasensenanza.co\/es_es\/wp-json\/wp\/v2\/mec-events\/168374","targetHints":{"allow":["GET"]}}],"collection":[{"href":"https:\/\/exalumnasensenanza.co\/es_es\/wp-json\/wp\/v2\/mec-events"}],"about":[{"href":"https:\/\/exalumnasensenanza.co\/es_es\/wp-json\/wp\/v2\/types\/mec-events"}],"author":[{"embeddable":true,"href":"https:\/\/exalumnasensenanza.co\/es_es\/wp-json\/wp\/v2\/users\/2"}],"replies":[{"embeddable":true,"href":"https:\/\/exalumnasensenanza.co\/es_es\/wp-json\/wp\/v2\/comments?post=168374"}],"wp:featuredmedia":[{"embeddable":true,"href":"https:\/\/exalumnasensenanza.co\/es_es\/wp-json\/wp\/v2\/media\/168375"}],"wp:attachment":[{"href":"https:\/\/exalumnasensenanza.co\/es_es\/wp-json\/wp\/v2\/media?parent=168374"}],"wp:term":[{"taxonomy":"post_tag","embeddable":true,"href":"https:\/\/exalumnasensenanza.co\/es_es\/wp-json\/wp\/v2\/tags?post=168374"},{"taxonomy":"mec_category","embeddable":true,"href":"https:\/\/exalumnasensenanza.co\/es_es\/wp-json\/wp\/v2\/mec_category?post=168374"}],"curies":[{"name":"wp","href":"https:\/\/api.w.org\/{rel}","templated":true}]}}